{"version":"1.0","provider_name":"La Buckland sur Gravelle","provider_url":"https:\/\/labuckland.ca\/en\/","author_name":"blaireau47","author_url":"https:\/\/labuckland.ca\/en\/author\/blaireau47\/","title":"V\u00e9lo Cartel Racing Team F\u00e9minim - La Buckland sur Gravelle","type":"rich","width":600,"height":338,"html":"<blockquote class=\"wp-embedded-content\" data-secret=\"NzhOrjQodU\"><a href=\"https:\/\/labuckland.ca\/en\/athlete\/velo-cartel-racing-team-feminim\/\">V\u00e9lo Cartel Racing Team F\u00e9minim<\/a><\/blockquote><iframe sandbox=\"allow-scripts\" security=\"restricted\" src=\"https:\/\/labuckland.ca\/en\/athlete\/velo-cartel-racing-team-feminim\/embed\/#?secret=NzhOrjQodU\" width=\"600\" height=\"338\" title=\"&#8220;V\u00e9lo Cartel Racing Team F\u00e9minim&#8221; &#8212; La Buckland sur Gravelle\" data-secret=\"NzhOrjQodU\" frameborder=\"0\" marginwidth=\"0\" marginheight=\"0\" scrolling=\"no\" class=\"wp-embedded-content\"><\/iframe><script>\n\/*! This file is auto-generated *\/\n!function(d,l){\"use strict\";l.querySelector&&d.addEventListener&&\"undefined\"!=typeof URL&&(d.wp=d.wp||{},d.wp.receiveEmbedMessage||(d.wp.receiveEmbedMessage=function(e){var t=e.data;if((t||t.secret||t.message||t.value)&&!\/[^a-zA-Z0-9]\/.test(t.secret)){for(var s,r,n,a=l.querySelectorAll('iframe[data-secret=\"'+t.secret+'\"]'),o=l.querySelectorAll('blockquote[data-secret=\"'+t.secret+'\"]'),c=new RegExp(\"^https?:$\",\"i\"),i=0;i<o.length;i++)o[i].style.display=\"none\";for(i=0;i<a.length;i++)s=a[i],e.source===s.contentWindow&&(s.removeAttribute(\"style\"),\"height\"===t.message?(1e3<(r=parseInt(t.value,10))?r=1e3:~~r<200&&(r=200),s.height=r):\"link\"===t.message&&(r=new URL(s.getAttribute(\"src\")),n=new URL(t.value),c.test(n.protocol))&&n.host===r.host&&l.activeElement===s&&(d.top.location.href=t.value))}},d.addEventListener(\"message\",d.wp.receiveEmbedMessage,!1),l.addEventListener(\"DOMContentLoaded\",function(){for(var e,t,s=l.querySelectorAll(\"iframe.wp-embedded-content\"),r=0;r<s.length;r++)(t=(e=s[r]).getAttribute(\"data-secret\"))||(t=Math.random().toString(36).substring(2,12),e.src+=\"#?secret=\"+t,e.setAttribute(\"data-secret\",t)),e.contentWindow.postMessage({message:\"ready\",secret:t},\"*\")},!1)))}(window,document);\n\/\/# sourceURL=https:\/\/labuckland.ca\/wp-includes\/js\/wp-embed.min.js\n<\/script>\n","thumbnail_url":"https:\/\/labuckland.ca\/wp-content\/uploads\/2022\/06\/285325854_571326277684446_1789209893031097168_n.jpg","thumbnail_width":942,"thumbnail_height":789,"description":"V\u00e9lo Cartel Racing Team F\u00e9minin sera pr\u00e9sente sur les routes de la Gravelle Buckland! Les membres de l\u2019\u00e9quipe f\u00e9minine seront \u00e0 leur premi\u00e8re participation \u00e0 La Buckland sur Gravelle. Repr\u00e9sent\u00e9 par Fannie Lessard, \u00c8ve Tremblay et Oriane Bouchon, toutes membres de l\u2019\u00e9quipe cycliste de V\u00e9lo Cartel, les filles prendront le d\u00e9part \u00e0 la course de [&hellip;]"}