{"id":1018,"date":"2022-05-01T09:04:20","date_gmt":"2022-05-01T13:04:20","guid":{"rendered":"http:\/\/labuckland.ca\/?post_type=athlete&amp;p=1018"},"modified":"2022-05-01T09:04:20","modified_gmt":"2022-05-01T13:04:20","slug":"veronique-fortin","status":"publish","type":"athlete","link":"https:\/\/labuckland.ca\/en\/athlete\/veronique-fortin\/","title":{"rendered":"Veronique Fortin"},"content":{"rendered":"\n<p>Championne 2021 de la Buckland, V\u00e9ronique est une cycliste ayant un talent hors du commun. Elle d\u00e9bute le v\u00e9lo par la biais du triathlon. Apr\u00e8s seulement quelques mois, son talent \u00e9tait mis au grand jour. Elle participe en peu de temps \u00e0 des coupes du monde. Quelques ann\u00e9es passent et elle se d\u00e9die au cyclisme et fais ses marques en peu de temps, participe au championnat du monde, victoire sur plusieurs courses. <\/p>\n\n\n\n<p>Avec autant de victoire et de talent, nous pourrions croire que V\u00e9ronique prend \u00e7a au s\u00e9rieux&#8230; et ben non, comme nous tous elle fait \u00e7a pour s&#8217;amuser et se d\u00e9passer. <\/p>\n","protected":false},"featured_media":1083,"template":"","meta":{"nf_dc_page":"","_uag_custom_page_level_css":"","site-sidebar-layout":"default","site-content-layout":"","ast-site-content-layout":"default","site-content-style":"default","site-sidebar-style":"default","ast-global-header-display":"","ast-banner-title-visibility":"","ast-main-header-display":"","ast-hfb-above-header-display":"","ast-hfb-below-header-display":"","ast-hfb-mobile-header-display":"","site-post-title":"","ast-breadcrumbs-content":"","ast-featured-img":"","footer-sml-layout":"","ast-disable-related-posts":"","theme-transparent-header-meta":"","adv-header-id-meta":"","stick-header-meta":"","header-above-stick-meta":"","header-main-stick-meta":"","header-below-stick-meta":"","astra-migrate-meta-layouts":"default","ast-page-background-enabled":"default","ast-page-background-meta":{"desktop":{"background-color":"","background-image":"","background-repeat":"repeat","background-position":"center center","background-size":"auto","background-attachment":"scroll","background-type":"","background-media":"","overlay-type":"","overlay-color":"","overlay-opacity":"","overlay-gradient":""},"tablet":{"background-color":"","background-image":"","background-repeat":"repeat","background-position":"center center","background-size":"auto","background-attachment":"scroll","background-type":"","background-media":"","overlay-type":"","overlay-color":"","overlay-opacity":"","overlay-gradient":""},"mobile":{"background-color":"","background-image":"","background-repeat":"repeat","background-position":"center center","background-size":"auto","background-attachment":"scroll","background-type":"","background-media":"","overlay-type":"","overlay-color":"","overlay-opacity":"","overlay-gradient":""}},"ast-content-background-meta":{"desktop":{"background-color":"var(--ast-global-color-5)","background-image":"","background-repeat":"repeat","background-position":"center center","background-size":"auto","background-attachment":"scroll","background-type":"","background-media":"","overlay-type":"","overlay-color":"","overlay-opacity":"","overlay-gradient":""},"tablet":{"background-color":"var(--ast-global-color-5)","background-image":"","background-repeat":"repeat","background-position":"center center","background-size":"auto","background-attachment":"scroll","background-type":"","background-media":"","overlay-type":"","overlay-color":"","overlay-opacity":"","overlay-gradient":""},"mobile":{"background-color":"var(--ast-global-color-5)","background-image":"","background-repeat":"repeat","background-position":"center center","background-size":"auto","background-attachment":"scroll","background-type":"","background-media":"","overlay-type":"","overlay-color":"","overlay-opacity":"","overlay-gradient":""}}},"Athletes":[26,27,42,48],"class_list":["post-1018","athlete","type-athlete","status-publish","has-post-thumbnail","hentry","Athletes-26","Athletes-27","Athletes-competitif","Athletes-feminin"],"yoast_head":"<!-- This site is optimized with the Yoast SEO plugin v27.5 - https:\/\/yoast.com\/product\/yoast-seo-wordpress\/ -->\n<title>Veronique Fortin - La Buckland sur Gravelle<\/title>\n<meta name=\"robots\" content=\"index, follow, max-snippet:-1, max-image-preview:large, max-video-preview:-1\" \/>\n<link rel=\"canonical\" href=\"https:\/\/labuckland.ca\/athlete\/veronique-fortin\/\" \/>\n<meta property=\"og:locale\" content=\"en_US\" \/>\n<meta property=\"og:type\" content=\"article\" \/>\n<meta property=\"og:title\" content=\"Veronique Fortin - La Buckland sur Gravelle\" \/>\n<meta property=\"og:description\" content=\"Championne 2021 de la Buckland, V\u00e9ronique est une cycliste ayant un talent hors du commun. Elle d\u00e9bute le v\u00e9lo par la biais du triathlon. Apr\u00e8s seulement quelques mois, son talent \u00e9tait mis au grand jour. Elle participe en peu de temps \u00e0 des coupes du monde. Quelques ann\u00e9es passent et elle se d\u00e9die au cyclisme [&hellip;]\" \/>\n<meta property=\"og:url\" content=\"https:\/\/labuckland.ca\/athlete\/veronique-fortin\/\" \/>\n<meta property=\"og:site_name\" content=\"La Buckland sur Gravelle\" \/>\n<meta property=\"og:image\" content=\"https:\/\/labuckland.ca\/wp-content\/uploads\/2022\/05\/148789_10151356854700348_463289297_n.jpg\" \/>\n\t<meta property=\"og:image:width\" content=\"540\" \/>\n\t<meta property=\"og:image:height\" content=\"540\" \/>\n\t<meta property=\"og:image:type\" content=\"image\/jpeg\" \/>\n<meta name=\"twitter:card\" content=\"summary_large_image\" \/>\n<meta name=\"twitter:label1\" content=\"Est. reading time\" \/>\n\t<meta name=\"twitter:data1\" content=\"1 minute\" \/>\n<script type=\"application\/ld+json\" class=\"yoast-schema-graph\">{\"@context\":\"https:\\\/\\\/schema.org\",\"@graph\":[{\"@type\":\"WebPage\",\"@id\":\"https:\\\/\\\/labuckland.ca\\\/athlete\\\/veronique-fortin\\\/\",\"url\":\"https:\\\/\\\/labuckland.ca\\\/athlete\\\/veronique-fortin\\\/\",\"name\":\"Veronique Fortin - La Buckland sur Gravelle\",\"isPartOf\":{\"@id\":\"https:\\\/\\\/labuckland.ca\\\/#website\"},\"primaryImageOfPage\":{\"@id\":\"https:\\\/\\\/labuckland.ca\\\/athlete\\\/veronique-fortin\\\/#primaryimage\"},\"image\":{\"@id\":\"https:\\\/\\\/labuckland.ca\\\/athlete\\\/veronique-fortin\\\/#primaryimage\"},\"thumbnailUrl\":\"https:\\\/\\\/i0.wp.com\\\/labuckland.ca\\\/wp-content\\\/uploads\\\/2022\\\/05\\\/148789_10151356854700348_463289297_n.jpg?fit=540%2C540&ssl=1\",\"datePublished\":\"2022-05-01T13:04:20+00:00\",\"breadcrumb\":{\"@id\":\"https:\\\/\\\/labuckland.ca\\\/athlete\\\/veronique-fortin\\\/#breadcrumb\"},\"inLanguage\":\"en-US\",\"potentialAction\":[{\"@type\":\"ReadAction\",\"target\":[\"https:\\\/\\\/labuckland.ca\\\/athlete\\\/veronique-fortin\\\/\"]}]},{\"@type\":\"ImageObject\",\"inLanguage\":\"en-US\",\"@id\":\"https:\\\/\\\/labuckland.ca\\\/athlete\\\/veronique-fortin\\\/#primaryimage\",\"url\":\"https:\\\/\\\/i0.wp.com\\\/labuckland.ca\\\/wp-content\\\/uploads\\\/2022\\\/05\\\/148789_10151356854700348_463289297_n.jpg?fit=540%2C540&ssl=1\",\"contentUrl\":\"https:\\\/\\\/i0.wp.com\\\/labuckland.ca\\\/wp-content\\\/uploads\\\/2022\\\/05\\\/148789_10151356854700348_463289297_n.jpg?fit=540%2C540&ssl=1\",\"width\":540,\"height\":540},{\"@type\":\"BreadcrumbList\",\"@id\":\"https:\\\/\\\/labuckland.ca\\\/athlete\\\/veronique-fortin\\\/#breadcrumb\",\"itemListElement\":[{\"@type\":\"ListItem\",\"position\":1,\"name\":\"Home\",\"item\":\"https:\\\/\\\/labuckland.ca\\\/en\\\/\"},{\"@type\":\"ListItem\",\"position\":2,\"name\":\"Athletes\",\"item\":\"https:\\\/\\\/labuckland.ca\\\/athlete\\\/\"},{\"@type\":\"ListItem\",\"position\":3,\"name\":\"Veronique Fortin\"}]},{\"@type\":\"WebSite\",\"@id\":\"https:\\\/\\\/labuckland.ca\\\/#website\",\"url\":\"https:\\\/\\\/labuckland.ca\\\/\",\"name\":\"La Buckland sur Gravelle\",\"description\":\"Un d\u00e9fi pour tous, une exp\u00e9rience pour tous\",\"publisher\":{\"@id\":\"https:\\\/\\\/labuckland.ca\\\/#organization\"},\"potentialAction\":[{\"@type\":\"SearchAction\",\"target\":{\"@type\":\"EntryPoint\",\"urlTemplate\":\"https:\\\/\\\/labuckland.ca\\\/?s={search_term_string}\"},\"query-input\":{\"@type\":\"PropertyValueSpecification\",\"valueRequired\":true,\"valueName\":\"search_term_string\"}}],\"inLanguage\":\"en-US\"},{\"@type\":\"Organization\",\"@id\":\"https:\\\/\\\/labuckland.ca\\\/#organization\",\"name\":\"La Buckland sur Gravelle\",\"url\":\"https:\\\/\\\/labuckland.ca\\\/\",\"logo\":{\"@type\":\"ImageObject\",\"inLanguage\":\"en-US\",\"@id\":\"https:\\\/\\\/labuckland.ca\\\/#\\\/schema\\\/logo\\\/image\\\/\",\"url\":\"https:\\\/\\\/i0.wp.com\\\/labuckland.ca\\\/wp-content\\\/uploads\\\/2024\\\/01\\\/cropped-Nouveau_logo_Buckland_sans_fond_Plan-de-travail-1-01.png?fit=1800%2C1200&ssl=1\",\"contentUrl\":\"https:\\\/\\\/i0.wp.com\\\/labuckland.ca\\\/wp-content\\\/uploads\\\/2024\\\/01\\\/cropped-Nouveau_logo_Buckland_sans_fond_Plan-de-travail-1-01.png?fit=1800%2C1200&ssl=1\",\"width\":1800,\"height\":1200,\"caption\":\"La Buckland sur Gravelle\"},\"image\":{\"@id\":\"https:\\\/\\\/labuckland.ca\\\/#\\\/schema\\\/logo\\\/image\\\/\"}}]}<\/script>\n<!-- \/ Yoast SEO plugin. -->","yoast_head_json":{"title":"Veronique Fortin - La Buckland sur Gravelle","robots":{"index":"index","follow":"follow","max-snippet":"max-snippet:-1","max-image-preview":"max-image-preview:large","max-video-preview":"max-video-preview:-1"},"canonical":"https:\/\/labuckland.ca\/athlete\/veronique-fortin\/","og_locale":"en_US","og_type":"article","og_title":"Veronique Fortin - La Buckland sur Gravelle","og_description":"Championne 2021 de la Buckland, V\u00e9ronique est une cycliste ayant un talent hors du commun. Elle d\u00e9bute le v\u00e9lo par la biais du triathlon. Apr\u00e8s seulement quelques mois, son talent \u00e9tait mis au grand jour. Elle participe en peu de temps \u00e0 des coupes du monde. Quelques ann\u00e9es passent et elle se d\u00e9die au cyclisme [&hellip;]","og_url":"https:\/\/labuckland.ca\/athlete\/veronique-fortin\/","og_site_name":"La Buckland sur Gravelle","og_image":[{"width":540,"height":540,"url":"https:\/\/labuckland.ca\/wp-content\/uploads\/2022\/05\/148789_10151356854700348_463289297_n.jpg","type":"image\/jpeg"}],"twitter_card":"summary_large_image","twitter_misc":{"Est. reading time":"1 minute"},"schema":{"@context":"https:\/\/schema.org","@graph":[{"@type":"WebPage","@id":"https:\/\/labuckland.ca\/athlete\/veronique-fortin\/","url":"https:\/\/labuckland.ca\/athlete\/veronique-fortin\/","name":"Veronique Fortin - La Buckland sur Gravelle","isPartOf":{"@id":"https:\/\/labuckland.ca\/#website"},"primaryImageOfPage":{"@id":"https:\/\/labuckland.ca\/athlete\/veronique-fortin\/#primaryimage"},"image":{"@id":"https:\/\/labuckland.ca\/athlete\/veronique-fortin\/#primaryimage"},"thumbnailUrl":"https:\/\/i0.wp.com\/labuckland.ca\/wp-content\/uploads\/2022\/05\/148789_10151356854700348_463289297_n.jpg?fit=540%2C540&ssl=1","datePublished":"2022-05-01T13:04:20+00:00","breadcrumb":{"@id":"https:\/\/labuckland.ca\/athlete\/veronique-fortin\/#breadcrumb"},"inLanguage":"en-US","potentialAction":[{"@type":"ReadAction","target":["https:\/\/labuckland.ca\/athlete\/veronique-fortin\/"]}]},{"@type":"ImageObject","inLanguage":"en-US","@id":"https:\/\/labuckland.ca\/athlete\/veronique-fortin\/#primaryimage","url":"https:\/\/i0.wp.com\/labuckland.ca\/wp-content\/uploads\/2022\/05\/148789_10151356854700348_463289297_n.jpg?fit=540%2C540&ssl=1","contentUrl":"https:\/\/i0.wp.com\/labuckland.ca\/wp-content\/uploads\/2022\/05\/148789_10151356854700348_463289297_n.jpg?fit=540%2C540&ssl=1","width":540,"height":540},{"@type":"BreadcrumbList","@id":"https:\/\/labuckland.ca\/athlete\/veronique-fortin\/#breadcrumb","itemListElement":[{"@type":"ListItem","position":1,"name":"Home","item":"https:\/\/labuckland.ca\/en\/"},{"@type":"ListItem","position":2,"name":"Athletes","item":"https:\/\/labuckland.ca\/athlete\/"},{"@type":"ListItem","position":3,"name":"Veronique Fortin"}]},{"@type":"WebSite","@id":"https:\/\/labuckland.ca\/#website","url":"https:\/\/labuckland.ca\/","name":"La Buckland sur Gravelle","description":"Un d\u00e9fi pour tous, une exp\u00e9rience pour tous","publisher":{"@id":"https:\/\/labuckland.ca\/#organization"},"potentialAction":[{"@type":"SearchAction","target":{"@type":"EntryPoint","urlTemplate":"https:\/\/labuckland.ca\/?s={search_term_string}"},"query-input":{"@type":"PropertyValueSpecification","valueRequired":true,"valueName":"search_term_string"}}],"inLanguage":"en-US"},{"@type":"Organization","@id":"https:\/\/labuckland.ca\/#organization","name":"La Buckland sur Gravelle","url":"https:\/\/labuckland.ca\/","logo":{"@type":"ImageObject","inLanguage":"en-US","@id":"https:\/\/labuckland.ca\/#\/schema\/logo\/image\/","url":"https:\/\/i0.wp.com\/labuckland.ca\/wp-content\/uploads\/2024\/01\/cropped-Nouveau_logo_Buckland_sans_fond_Plan-de-travail-1-01.png?fit=1800%2C1200&ssl=1","contentUrl":"https:\/\/i0.wp.com\/labuckland.ca\/wp-content\/uploads\/2024\/01\/cropped-Nouveau_logo_Buckland_sans_fond_Plan-de-travail-1-01.png?fit=1800%2C1200&ssl=1","width":1800,"height":1200,"caption":"La Buckland sur Gravelle"},"image":{"@id":"https:\/\/labuckland.ca\/#\/schema\/logo\/image\/"}}]}},"uagb_featured_image_src":{"full":["https:\/\/i0.wp.com\/labuckland.ca\/wp-content\/uploads\/2022\/05\/148789_10151356854700348_463289297_n.jpg?fit=540%2C540&ssl=1",540,540,false],"thumbnail":["https:\/\/i0.wp.com\/labuckland.ca\/wp-content\/uploads\/2022\/05\/148789_10151356854700348_463289297_n.jpg?resize=150%2C150&ssl=1",150,150,true],"medium":["https:\/\/i0.wp.com\/labuckland.ca\/wp-content\/uploads\/2022\/05\/148789_10151356854700348_463289297_n.jpg?fit=300%2C300&ssl=1",300,300,true],"medium_large":["https:\/\/i0.wp.com\/labuckland.ca\/wp-content\/uploads\/2022\/05\/148789_10151356854700348_463289297_n.jpg?fit=540%2C540&ssl=1",540,540,true],"large":["https:\/\/i0.wp.com\/labuckland.ca\/wp-content\/uploads\/2022\/05\/148789_10151356854700348_463289297_n.jpg?fit=540%2C540&ssl=1",540,540,true],"1536x1536":["https:\/\/i0.wp.com\/labuckland.ca\/wp-content\/uploads\/2022\/05\/148789_10151356854700348_463289297_n.jpg?fit=540%2C540&ssl=1",540,540,true],"2048x2048":["https:\/\/i0.wp.com\/labuckland.ca\/wp-content\/uploads\/2022\/05\/148789_10151356854700348_463289297_n.jpg?fit=540%2C540&ssl=1",540,540,true]},"uagb_author_info":{"display_name":"blaireau47","author_link":"https:\/\/labuckland.ca\/en\/author\/"},"uagb_comment_info":0,"uagb_excerpt":"Championne 2021 de la Buckland, V\u00e9ronique est une cycliste ayant un talent hors du commun. Elle d\u00e9bute le v\u00e9lo par la biais du triathlon. Apr\u00e8s seulement quelques mois, son talent \u00e9tait mis au grand jour. Elle participe en peu de temps \u00e0 des coupes du monde. Quelques ann\u00e9es passent et elle se d\u00e9die au cyclisme&hellip;","jetpack_sharing_enabled":true,"_links":{"self":[{"href":"https:\/\/labuckland.ca\/en\/wp-json\/wp\/v2\/athlete\/1018","targetHints":{"allow":["GET"]}}],"collection":[{"href":"https:\/\/labuckland.ca\/en\/wp-json\/wp\/v2\/athlete"}],"about":[{"href":"https:\/\/labuckland.ca\/en\/wp-json\/wp\/v2\/types\/athlete"}],"wp:featuredmedia":[{"embeddable":true,"href":"https:\/\/labuckland.ca\/en\/wp-json\/wp\/v2\/media\/1083"}],"wp:attachment":[{"href":"https:\/\/labuckland.ca\/en\/wp-json\/wp\/v2\/media?parent=1018"}],"wp:term":[{"taxonomy":"Athletes","embeddable":true,"href":"https:\/\/labuckland.ca\/en\/wp-json\/wp\/v2\/Athletes?post=1018"}],"curies":[{"name":"wp","href":"https:\/\/api.w.org\/{rel}","templated":true}]}}