{"id":1150,"date":"2022-06-06T16:38:02","date_gmt":"2022-06-06T20:38:02","guid":{"rendered":"http:\/\/labuckland.ca\/?post_type=athlete&amp;p=1150"},"modified":"2022-06-06T16:38:02","modified_gmt":"2022-06-06T20:38:02","slug":"velo-cartel-racing-team-feminim","status":"publish","type":"athlete","link":"https:\/\/labuckland.ca\/en\/athlete\/velo-cartel-racing-team-feminim\/","title":{"rendered":"V\u00e9lo Cartel Racing Team F\u00e9minim"},"content":{"rendered":"\n<p>V\u00e9lo Cartel Racing Team F\u00e9minin sera pr\u00e9sente sur les routes de la Gravelle Buckland! <\/p>\n\n\n\n<p>Les membres de l\u2019\u00e9quipe f\u00e9minine seront \u00e0 leur premi\u00e8re participation \u00e0 La Buckland sur Gravelle. Repr\u00e9sent\u00e9 par Fannie Lessard, \u00c8ve Tremblay et Oriane Bouchon, toutes membres de l\u2019\u00e9quipe cycliste de V\u00e9lo Cartel, les filles prendront le d\u00e9part \u00e0 la course de 130 km<\/p>\n\n\n\n<p>Les filles cumulent plusieurs sorties en bike de route mais troqueront leur monture pour affronter les routes de gravelle de la Buckland. <\/p>\n\n\n\n<blockquote class=\"wp-block-quote is-layout-flow wp-block-quote-is-layout-flow\"><p>\u00ab&nbsp;Il est naturel pour nous d\u2019\u00eatre pr\u00e9sentes sur cette course mythique afin d\u2019avoir une pr\u00e9sence f\u00e9minine et aussi de d\u00e9montrer que la gravelle est un bon compl\u00e9ment \u00e0 nos entra\u00eenements de v\u00e9lo de route. Nous sommes fi\u00e8res d\u2019encourager les femmes \u00e0 participer \u00e0 ce type de course, qui plus est se d\u00e9roule tout pr\u00e8s de chez nous!&nbsp;\u00bb<\/p><cite>Andr\u00e9anne Germain <br>DS V\u00e9lo Cartel Racing Team F\u00e9minin<\/cite><\/blockquote>\n\n\n\n<p>La Buckland sur Gravelle est tr\u00e8s heureux de les avoir avec nous. Cela marquera la premi\u00e8re \u00e9quipe f\u00e9minine qui participera \u00e0 notre course.<\/p>\n\n\n\n<p><\/p>\n","protected":false},"featured_media":1151,"template":"","meta":{"nf_dc_page":"","_uag_custom_page_level_css":"","site-sidebar-layout":"default","site-content-layout":"","ast-site-content-layout":"default","site-content-style":"default","site-sidebar-style":"default","ast-global-header-display":"","ast-banner-title-visibility":"","ast-main-header-display":"","ast-hfb-above-header-display":"","ast-hfb-below-header-display":"","ast-hfb-mobile-header-display":"","site-post-title":"","ast-breadcrumbs-content":"","ast-featured-img":"","footer-sml-layout":"","ast-disable-related-posts":"","theme-transparent-header-meta":"","adv-header-id-meta":"","stick-header-meta":"","header-above-stick-meta":"","header-main-stick-meta":"","header-below-stick-meta":"","astra-migrate-meta-layouts":"default","ast-page-background-enabled":"default","ast-page-background-meta":{"desktop":{"background-color":"","background-image":"","background-repeat":"repeat","background-position":"center center","background-size":"auto","background-attachment":"scroll","background-type":"","background-media":"","overlay-type":"","overlay-color":"","overlay-opacity":"","overlay-gradient":""},"tablet":{"background-color":"","background-image":"","background-repeat":"repeat","background-position":"center center","background-size":"auto","background-attachment":"scroll","background-type":"","background-media":"","overlay-type":"","overlay-color":"","overlay-opacity":"","overlay-gradient":""},"mobile":{"background-color":"","background-image":"","background-repeat":"repeat","background-position":"center center","background-size":"auto","background-attachment":"scroll","background-type":"","background-media":"","overlay-type":"","overlay-color":"","overlay-opacity":"","overlay-gradient":""}},"ast-content-background-meta":{"desktop":{"background-color":"var(--ast-global-color-5)","background-image":"","background-repeat":"repeat","background-position":"center center","background-size":"auto","background-attachment":"scroll","background-type":"","background-media":"","overlay-type":"","overlay-color":"","overlay-opacity":"","overlay-gradient":""},"tablet":{"background-color":"var(--ast-global-color-5)","background-image":"","background-repeat":"repeat","background-position":"center center","background-size":"auto","background-attachment":"scroll","background-type":"","background-media":"","overlay-type":"","overlay-color":"","overlay-opacity":"","overlay-gradient":""},"mobile":{"background-color":"var(--ast-global-color-5)","background-image":"","background-repeat":"repeat","background-position":"center center","background-size":"auto","background-attachment":"scroll","background-type":"","background-media":"","overlay-type":"","overlay-color":"","overlay-opacity":"","overlay-gradient":""}}},"Athletes":[27,42,45,48],"class_list":["post-1150","athlete","type-athlete","status-publish","has-post-thumbnail","hentry","Athletes-27","Athletes-competitif","Athletes-equipe","Athletes-feminin"],"yoast_head":"<!-- This site is optimized with the Yoast SEO plugin v27.5 - https:\/\/yoast.com\/product\/yoast-seo-wordpress\/ -->\n<title>V\u00e9lo Cartel Racing Team F\u00e9minim - La Buckland sur Gravelle<\/title>\n<meta name=\"robots\" content=\"index, follow, max-snippet:-1, max-image-preview:large, max-video-preview:-1\" \/>\n<link rel=\"canonical\" href=\"https:\/\/labuckland.ca\/athlete\/velo-cartel-racing-team-feminim\/\" \/>\n<meta property=\"og:locale\" content=\"en_US\" \/>\n<meta property=\"og:type\" content=\"article\" \/>\n<meta property=\"og:title\" content=\"V\u00e9lo Cartel Racing Team F\u00e9minim - La Buckland sur Gravelle\" \/>\n<meta property=\"og:description\" content=\"V\u00e9lo Cartel Racing Team F\u00e9minin sera pr\u00e9sente sur les routes de la Gravelle Buckland! Les membres de l\u2019\u00e9quipe f\u00e9minine seront \u00e0 leur premi\u00e8re participation \u00e0 La Buckland sur Gravelle. Repr\u00e9sent\u00e9 par Fannie Lessard, \u00c8ve Tremblay et Oriane Bouchon, toutes membres de l\u2019\u00e9quipe cycliste de V\u00e9lo Cartel, les filles prendront le d\u00e9part \u00e0 la course de [&hellip;]\" \/>\n<meta property=\"og:url\" content=\"https:\/\/labuckland.ca\/athlete\/velo-cartel-racing-team-feminim\/\" \/>\n<meta property=\"og:site_name\" content=\"La Buckland sur Gravelle\" \/>\n<meta property=\"og:image\" content=\"https:\/\/labuckland.ca\/wp-content\/uploads\/2022\/06\/285325854_571326277684446_1789209893031097168_n.jpg\" \/>\n\t<meta property=\"og:image:width\" content=\"942\" \/>\n\t<meta property=\"og:image:height\" content=\"789\" \/>\n\t<meta property=\"og:image:type\" content=\"image\/jpeg\" \/>\n<meta name=\"twitter:card\" content=\"summary_large_image\" \/>\n<meta name=\"twitter:label1\" content=\"Est. reading time\" \/>\n\t<meta name=\"twitter:data1\" content=\"1 minute\" \/>\n<script type=\"application\/ld+json\" class=\"yoast-schema-graph\">{\"@context\":\"https:\\\/\\\/schema.org\",\"@graph\":[{\"@type\":\"WebPage\",\"@id\":\"https:\\\/\\\/labuckland.ca\\\/athlete\\\/velo-cartel-racing-team-feminim\\\/\",\"url\":\"https:\\\/\\\/labuckland.ca\\\/athlete\\\/velo-cartel-racing-team-feminim\\\/\",\"name\":\"V\u00e9lo Cartel Racing Team F\u00e9minim - La Buckland sur Gravelle\",\"isPartOf\":{\"@id\":\"https:\\\/\\\/labuckland.ca\\\/#website\"},\"primaryImageOfPage\":{\"@id\":\"https:\\\/\\\/labuckland.ca\\\/athlete\\\/velo-cartel-racing-team-feminim\\\/#primaryimage\"},\"image\":{\"@id\":\"https:\\\/\\\/labuckland.ca\\\/athlete\\\/velo-cartel-racing-team-feminim\\\/#primaryimage\"},\"thumbnailUrl\":\"https:\\\/\\\/i0.wp.com\\\/labuckland.ca\\\/wp-content\\\/uploads\\\/2022\\\/06\\\/285325854_571326277684446_1789209893031097168_n.jpg?fit=942%2C789&ssl=1\",\"datePublished\":\"2022-06-06T20:38:02+00:00\",\"breadcrumb\":{\"@id\":\"https:\\\/\\\/labuckland.ca\\\/athlete\\\/velo-cartel-racing-team-feminim\\\/#breadcrumb\"},\"inLanguage\":\"en-US\",\"potentialAction\":[{\"@type\":\"ReadAction\",\"target\":[\"https:\\\/\\\/labuckland.ca\\\/athlete\\\/velo-cartel-racing-team-feminim\\\/\"]}]},{\"@type\":\"ImageObject\",\"inLanguage\":\"en-US\",\"@id\":\"https:\\\/\\\/labuckland.ca\\\/athlete\\\/velo-cartel-racing-team-feminim\\\/#primaryimage\",\"url\":\"https:\\\/\\\/i0.wp.com\\\/labuckland.ca\\\/wp-content\\\/uploads\\\/2022\\\/06\\\/285325854_571326277684446_1789209893031097168_n.jpg?fit=942%2C789&ssl=1\",\"contentUrl\":\"https:\\\/\\\/i0.wp.com\\\/labuckland.ca\\\/wp-content\\\/uploads\\\/2022\\\/06\\\/285325854_571326277684446_1789209893031097168_n.jpg?fit=942%2C789&ssl=1\",\"width\":942,\"height\":789},{\"@type\":\"BreadcrumbList\",\"@id\":\"https:\\\/\\\/labuckland.ca\\\/athlete\\\/velo-cartel-racing-team-feminim\\\/#breadcrumb\",\"itemListElement\":[{\"@type\":\"ListItem\",\"position\":1,\"name\":\"Home\",\"item\":\"https:\\\/\\\/labuckland.ca\\\/en\\\/\"},{\"@type\":\"ListItem\",\"position\":2,\"name\":\"Athletes\",\"item\":\"https:\\\/\\\/labuckland.ca\\\/athlete\\\/\"},{\"@type\":\"ListItem\",\"position\":3,\"name\":\"V\u00e9lo Cartel Racing Team F\u00e9minim\"}]},{\"@type\":\"WebSite\",\"@id\":\"https:\\\/\\\/labuckland.ca\\\/#website\",\"url\":\"https:\\\/\\\/labuckland.ca\\\/\",\"name\":\"La Buckland sur Gravelle\",\"description\":\"Un d\u00e9fi pour tous, une exp\u00e9rience pour tous\",\"publisher\":{\"@id\":\"https:\\\/\\\/labuckland.ca\\\/#organization\"},\"potentialAction\":[{\"@type\":\"SearchAction\",\"target\":{\"@type\":\"EntryPoint\",\"urlTemplate\":\"https:\\\/\\\/labuckland.ca\\\/?s={search_term_string}\"},\"query-input\":{\"@type\":\"PropertyValueSpecification\",\"valueRequired\":true,\"valueName\":\"search_term_string\"}}],\"inLanguage\":\"en-US\"},{\"@type\":\"Organization\",\"@id\":\"https:\\\/\\\/labuckland.ca\\\/#organization\",\"name\":\"La Buckland sur Gravelle\",\"url\":\"https:\\\/\\\/labuckland.ca\\\/\",\"logo\":{\"@type\":\"ImageObject\",\"inLanguage\":\"en-US\",\"@id\":\"https:\\\/\\\/labuckland.ca\\\/#\\\/schema\\\/logo\\\/image\\\/\",\"url\":\"https:\\\/\\\/i0.wp.com\\\/labuckland.ca\\\/wp-content\\\/uploads\\\/2024\\\/01\\\/cropped-Nouveau_logo_Buckland_sans_fond_Plan-de-travail-1-01.png?fit=1800%2C1200&ssl=1\",\"contentUrl\":\"https:\\\/\\\/i0.wp.com\\\/labuckland.ca\\\/wp-content\\\/uploads\\\/2024\\\/01\\\/cropped-Nouveau_logo_Buckland_sans_fond_Plan-de-travail-1-01.png?fit=1800%2C1200&ssl=1\",\"width\":1800,\"height\":1200,\"caption\":\"La Buckland sur Gravelle\"},\"image\":{\"@id\":\"https:\\\/\\\/labuckland.ca\\\/#\\\/schema\\\/logo\\\/image\\\/\"}}]}<\/script>\n<!-- \/ Yoast SEO plugin. -->","yoast_head_json":{"title":"V\u00e9lo Cartel Racing Team F\u00e9minim - La Buckland sur Gravelle","robots":{"index":"index","follow":"follow","max-snippet":"max-snippet:-1","max-image-preview":"max-image-preview:large","max-video-preview":"max-video-preview:-1"},"canonical":"https:\/\/labuckland.ca\/athlete\/velo-cartel-racing-team-feminim\/","og_locale":"en_US","og_type":"article","og_title":"V\u00e9lo Cartel Racing Team F\u00e9minim - La Buckland sur Gravelle","og_description":"V\u00e9lo Cartel Racing Team F\u00e9minin sera pr\u00e9sente sur les routes de la Gravelle Buckland! Les membres de l\u2019\u00e9quipe f\u00e9minine seront \u00e0 leur premi\u00e8re participation \u00e0 La Buckland sur Gravelle. Repr\u00e9sent\u00e9 par Fannie Lessard, \u00c8ve Tremblay et Oriane Bouchon, toutes membres de l\u2019\u00e9quipe cycliste de V\u00e9lo Cartel, les filles prendront le d\u00e9part \u00e0 la course de [&hellip;]","og_url":"https:\/\/labuckland.ca\/athlete\/velo-cartel-racing-team-feminim\/","og_site_name":"La Buckland sur Gravelle","og_image":[{"width":942,"height":789,"url":"https:\/\/labuckland.ca\/wp-content\/uploads\/2022\/06\/285325854_571326277684446_1789209893031097168_n.jpg","type":"image\/jpeg"}],"twitter_card":"summary_large_image","twitter_misc":{"Est. reading time":"1 minute"},"schema":{"@context":"https:\/\/schema.org","@graph":[{"@type":"WebPage","@id":"https:\/\/labuckland.ca\/athlete\/velo-cartel-racing-team-feminim\/","url":"https:\/\/labuckland.ca\/athlete\/velo-cartel-racing-team-feminim\/","name":"V\u00e9lo Cartel Racing Team F\u00e9minim - La Buckland sur Gravelle","isPartOf":{"@id":"https:\/\/labuckland.ca\/#website"},"primaryImageOfPage":{"@id":"https:\/\/labuckland.ca\/athlete\/velo-cartel-racing-team-feminim\/#primaryimage"},"image":{"@id":"https:\/\/labuckland.ca\/athlete\/velo-cartel-racing-team-feminim\/#primaryimage"},"thumbnailUrl":"https:\/\/i0.wp.com\/labuckland.ca\/wp-content\/uploads\/2022\/06\/285325854_571326277684446_1789209893031097168_n.jpg?fit=942%2C789&ssl=1","datePublished":"2022-06-06T20:38:02+00:00","breadcrumb":{"@id":"https:\/\/labuckland.ca\/athlete\/velo-cartel-racing-team-feminim\/#breadcrumb"},"inLanguage":"en-US","potentialAction":[{"@type":"ReadAction","target":["https:\/\/labuckland.ca\/athlete\/velo-cartel-racing-team-feminim\/"]}]},{"@type":"ImageObject","inLanguage":"en-US","@id":"https:\/\/labuckland.ca\/athlete\/velo-cartel-racing-team-feminim\/#primaryimage","url":"https:\/\/i0.wp.com\/labuckland.ca\/wp-content\/uploads\/2022\/06\/285325854_571326277684446_1789209893031097168_n.jpg?fit=942%2C789&ssl=1","contentUrl":"https:\/\/i0.wp.com\/labuckland.ca\/wp-content\/uploads\/2022\/06\/285325854_571326277684446_1789209893031097168_n.jpg?fit=942%2C789&ssl=1","width":942,"height":789},{"@type":"BreadcrumbList","@id":"https:\/\/labuckland.ca\/athlete\/velo-cartel-racing-team-feminim\/#breadcrumb","itemListElement":[{"@type":"ListItem","position":1,"name":"Home","item":"https:\/\/labuckland.ca\/en\/"},{"@type":"ListItem","position":2,"name":"Athletes","item":"https:\/\/labuckland.ca\/athlete\/"},{"@type":"ListItem","position":3,"name":"V\u00e9lo Cartel Racing Team F\u00e9minim"}]},{"@type":"WebSite","@id":"https:\/\/labuckland.ca\/#website","url":"https:\/\/labuckland.ca\/","name":"La Buckland sur Gravelle","description":"Un d\u00e9fi pour tous, une exp\u00e9rience pour tous","publisher":{"@id":"https:\/\/labuckland.ca\/#organization"},"potentialAction":[{"@type":"SearchAction","target":{"@type":"EntryPoint","urlTemplate":"https:\/\/labuckland.ca\/?s={search_term_string}"},"query-input":{"@type":"PropertyValueSpecification","valueRequired":true,"valueName":"search_term_string"}}],"inLanguage":"en-US"},{"@type":"Organization","@id":"https:\/\/labuckland.ca\/#organization","name":"La Buckland sur Gravelle","url":"https:\/\/labuckland.ca\/","logo":{"@type":"ImageObject","inLanguage":"en-US","@id":"https:\/\/labuckland.ca\/#\/schema\/logo\/image\/","url":"https:\/\/i0.wp.com\/labuckland.ca\/wp-content\/uploads\/2024\/01\/cropped-Nouveau_logo_Buckland_sans_fond_Plan-de-travail-1-01.png?fit=1800%2C1200&ssl=1","contentUrl":"https:\/\/i0.wp.com\/labuckland.ca\/wp-content\/uploads\/2024\/01\/cropped-Nouveau_logo_Buckland_sans_fond_Plan-de-travail-1-01.png?fit=1800%2C1200&ssl=1","width":1800,"height":1200,"caption":"La Buckland sur Gravelle"},"image":{"@id":"https:\/\/labuckland.ca\/#\/schema\/logo\/image\/"}}]}},"uagb_featured_image_src":{"full":["https:\/\/i0.wp.com\/labuckland.ca\/wp-content\/uploads\/2022\/06\/285325854_571326277684446_1789209893031097168_n.jpg?fit=942%2C789&ssl=1",942,789,false],"thumbnail":["https:\/\/i0.wp.com\/labuckland.ca\/wp-content\/uploads\/2022\/06\/285325854_571326277684446_1789209893031097168_n.jpg?resize=150%2C150&ssl=1",150,150,true],"medium":["https:\/\/i0.wp.com\/labuckland.ca\/wp-content\/uploads\/2022\/06\/285325854_571326277684446_1789209893031097168_n.jpg?fit=300%2C251&ssl=1",300,251,true],"medium_large":["https:\/\/i0.wp.com\/labuckland.ca\/wp-content\/uploads\/2022\/06\/285325854_571326277684446_1789209893031097168_n.jpg?fit=768%2C643&ssl=1",768,643,true],"large":["https:\/\/i0.wp.com\/labuckland.ca\/wp-content\/uploads\/2022\/06\/285325854_571326277684446_1789209893031097168_n.jpg?fit=942%2C789&ssl=1",942,789,true],"1536x1536":["https:\/\/i0.wp.com\/labuckland.ca\/wp-content\/uploads\/2022\/06\/285325854_571326277684446_1789209893031097168_n.jpg?fit=942%2C789&ssl=1",942,789,true],"2048x2048":["https:\/\/i0.wp.com\/labuckland.ca\/wp-content\/uploads\/2022\/06\/285325854_571326277684446_1789209893031097168_n.jpg?fit=942%2C789&ssl=1",942,789,true]},"uagb_author_info":{"display_name":"blaireau47","author_link":"https:\/\/labuckland.ca\/en\/author\/"},"uagb_comment_info":0,"uagb_excerpt":"V\u00e9lo Cartel Racing Team F\u00e9minin sera pr\u00e9sente sur les routes de la Gravelle Buckland! Les membres de l\u2019\u00e9quipe f\u00e9minine seront \u00e0 leur premi\u00e8re participation \u00e0 La Buckland sur Gravelle. Repr\u00e9sent\u00e9 par Fannie Lessard, \u00c8ve Tremblay et Oriane Bouchon, toutes membres de l\u2019\u00e9quipe cycliste de V\u00e9lo Cartel, les filles prendront le d\u00e9part \u00e0 la course de&hellip;","jetpack_sharing_enabled":true,"_links":{"self":[{"href":"https:\/\/labuckland.ca\/en\/wp-json\/wp\/v2\/athlete\/1150","targetHints":{"allow":["GET"]}}],"collection":[{"href":"https:\/\/labuckland.ca\/en\/wp-json\/wp\/v2\/athlete"}],"about":[{"href":"https:\/\/labuckland.ca\/en\/wp-json\/wp\/v2\/types\/athlete"}],"wp:featuredmedia":[{"embeddable":true,"href":"https:\/\/labuckland.ca\/en\/wp-json\/wp\/v2\/media\/1151"}],"wp:attachment":[{"href":"https:\/\/labuckland.ca\/en\/wp-json\/wp\/v2\/media?parent=1150"}],"wp:term":[{"taxonomy":"Athletes","embeddable":true,"href":"https:\/\/labuckland.ca\/en\/wp-json\/wp\/v2\/Athletes?post=1150"}],"curies":[{"name":"wp","href":"https:\/\/api.w.org\/{rel}","templated":true}]}}