{"id":1892,"date":"2023-06-22T10:20:53","date_gmt":"2023-06-22T15:20:53","guid":{"rendered":"https:\/\/labuckland.ca\/?post_type=athlete&#038;p=1892"},"modified":"2023-06-22T10:20:57","modified_gmt":"2023-06-22T15:20:57","slug":"simon-belley","status":"publish","type":"athlete","link":"https:\/\/labuckland.ca\/en\/athlete\/simon-belley\/","title":{"rendered":"Simon Belley"},"content":{"rendered":"\n<p>Simon est un jeune cycliste multidiscipline de L\u00e9vis et court pour Cartel Racing Team \u00e0 Qu\u00e9bec. Il \u00e9tudie \u00e0 L\u2019universit\u00e9 Laval en Sciences de la consommation en est suis \u00e0 sa 7i\u00e8me ann\u00e9e de course. Il a tomb\u00e9 en amour avec le v\u00e9lo pour le sentiment de libert\u00e9 et le d\u00e9passement de soi. La Buckland est une course sp\u00e9ciale pour lui, car c\u2019est la course qui l\u2019a fait d\u00e9couvrir la gravelle et c\u2019est avec plaisir qu\u2019il y retourne \u00e0 chaque ann\u00e9e.<\/p>\n","protected":false},"featured_media":1893,"template":"","meta":{"nf_dc_page":"","_uag_custom_page_level_css":"","site-sidebar-layout":"default","site-content-layout":"","ast-site-content-layout":"default","site-content-style":"default","site-sidebar-style":"default","ast-global-header-display":"","ast-banner-title-visibility":"","ast-main-header-display":"","ast-hfb-above-header-display":"","ast-hfb-below-header-display":"","ast-hfb-mobile-header-display":"","site-post-title":"","ast-breadcrumbs-content":"","ast-featured-img":"","footer-sml-layout":"","ast-disable-related-posts":"","theme-transparent-header-meta":"","adv-header-id-meta":"","stick-header-meta":"","header-above-stick-meta":"","header-main-stick-meta":"","header-below-stick-meta":"","astra-migrate-meta-layouts":"default","ast-page-background-enabled":"default","ast-page-background-meta":{"desktop":{"background-color":"","background-image":"","background-repeat":"repeat","background-position":"center center","background-size":"auto","background-attachment":"scroll","background-type":"","background-media":"","overlay-type":"","overlay-color":"","overlay-opacity":"","overlay-gradient":""},"tablet":{"background-color":"","background-image":"","background-repeat":"repeat","background-position":"center center","background-size":"auto","background-attachment":"scroll","background-type":"","background-media":"","overlay-type":"","overlay-color":"","overlay-opacity":"","overlay-gradient":""},"mobile":{"background-color":"","background-image":"","background-repeat":"repeat","background-position":"center center","background-size":"auto","background-attachment":"scroll","background-type":"","background-media":"","overlay-type":"","overlay-color":"","overlay-opacity":"","overlay-gradient":""}},"ast-content-background-meta":{"desktop":{"background-color":"var(--ast-global-color-5)","background-image":"","background-repeat":"repeat","background-position":"center center","background-size":"auto","background-attachment":"scroll","background-type":"","background-media":"","overlay-type":"","overlay-color":"","overlay-opacity":"","overlay-gradient":""},"tablet":{"background-color":"var(--ast-global-color-5)","background-image":"","background-repeat":"repeat","background-position":"center center","background-size":"auto","background-attachment":"scroll","background-type":"","background-media":"","overlay-type":"","overlay-color":"","overlay-opacity":"","overlay-gradient":""},"mobile":{"background-color":"var(--ast-global-color-5)","background-image":"","background-repeat":"repeat","background-position":"center center","background-size":"auto","background-attachment":"scroll","background-type":"","background-media":"","overlay-type":"","overlay-color":"","overlay-opacity":"","overlay-gradient":""}}},"Athletes":[26,27,75,42,51],"class_list":["post-1892","athlete","type-athlete","status-publish","has-post-thumbnail","hentry","Athletes-26","Athletes-27","Athletes-75","Athletes-competitif","Athletes-masculin"],"yoast_head":"<!-- This site is optimized with the Yoast SEO plugin v27.5 - https:\/\/yoast.com\/product\/yoast-seo-wordpress\/ -->\n<title>Simon Belley - La Buckland sur Gravelle<\/title>\n<meta name=\"robots\" content=\"index, follow, max-snippet:-1, max-image-preview:large, max-video-preview:-1\" \/>\n<link rel=\"canonical\" href=\"https:\/\/labuckland.ca\/athlete\/simon-belley\/\" \/>\n<meta property=\"og:locale\" content=\"en_US\" \/>\n<meta property=\"og:type\" content=\"article\" \/>\n<meta property=\"og:title\" content=\"Simon Belley - La Buckland sur Gravelle\" \/>\n<meta property=\"og:description\" content=\"Simon est un jeune cycliste multidiscipline de L\u00e9vis et court pour Cartel Racing Team \u00e0 Qu\u00e9bec. Il \u00e9tudie \u00e0 L\u2019universit\u00e9 Laval en Sciences de la consommation en est suis \u00e0 sa 7i\u00e8me ann\u00e9e de course. Il a tomb\u00e9 en amour avec le v\u00e9lo pour le sentiment de libert\u00e9 et le d\u00e9passement de soi. La Buckland [&hellip;]\" \/>\n<meta property=\"og:url\" content=\"https:\/\/labuckland.ca\/athlete\/simon-belley\/\" \/>\n<meta property=\"og:site_name\" content=\"La Buckland sur Gravelle\" \/>\n<meta property=\"article:modified_time\" content=\"2023-06-22T15:20:57+00:00\" \/>\n<meta property=\"og:image\" content=\"https:\/\/labuckland.ca\/wp-content\/uploads\/2023\/06\/355308321_249659564479583_1783652470746872242_n.jpg\" \/>\n\t<meta property=\"og:image:width\" content=\"2048\" \/>\n\t<meta property=\"og:image:height\" content=\"1152\" \/>\n\t<meta property=\"og:image:type\" content=\"image\/jpeg\" \/>\n<meta name=\"twitter:card\" content=\"summary_large_image\" \/>\n<meta name=\"twitter:label1\" content=\"Est. reading time\" \/>\n\t<meta name=\"twitter:data1\" content=\"1 minute\" \/>\n<script type=\"application\/ld+json\" class=\"yoast-schema-graph\">{\"@context\":\"https:\\\/\\\/schema.org\",\"@graph\":[{\"@type\":\"WebPage\",\"@id\":\"https:\\\/\\\/labuckland.ca\\\/athlete\\\/simon-belley\\\/\",\"url\":\"https:\\\/\\\/labuckland.ca\\\/athlete\\\/simon-belley\\\/\",\"name\":\"Simon Belley - La Buckland sur Gravelle\",\"isPartOf\":{\"@id\":\"https:\\\/\\\/labuckland.ca\\\/#website\"},\"primaryImageOfPage\":{\"@id\":\"https:\\\/\\\/labuckland.ca\\\/athlete\\\/simon-belley\\\/#primaryimage\"},\"image\":{\"@id\":\"https:\\\/\\\/labuckland.ca\\\/athlete\\\/simon-belley\\\/#primaryimage\"},\"thumbnailUrl\":\"https:\\\/\\\/i0.wp.com\\\/labuckland.ca\\\/wp-content\\\/uploads\\\/2023\\\/06\\\/355308321_249659564479583_1783652470746872242_n.jpg?fit=2048%2C1152&ssl=1\",\"datePublished\":\"2023-06-22T15:20:53+00:00\",\"dateModified\":\"2023-06-22T15:20:57+00:00\",\"breadcrumb\":{\"@id\":\"https:\\\/\\\/labuckland.ca\\\/athlete\\\/simon-belley\\\/#breadcrumb\"},\"inLanguage\":\"en-US\",\"potentialAction\":[{\"@type\":\"ReadAction\",\"target\":[\"https:\\\/\\\/labuckland.ca\\\/athlete\\\/simon-belley\\\/\"]}]},{\"@type\":\"ImageObject\",\"inLanguage\":\"en-US\",\"@id\":\"https:\\\/\\\/labuckland.ca\\\/athlete\\\/simon-belley\\\/#primaryimage\",\"url\":\"https:\\\/\\\/i0.wp.com\\\/labuckland.ca\\\/wp-content\\\/uploads\\\/2023\\\/06\\\/355308321_249659564479583_1783652470746872242_n.jpg?fit=2048%2C1152&ssl=1\",\"contentUrl\":\"https:\\\/\\\/i0.wp.com\\\/labuckland.ca\\\/wp-content\\\/uploads\\\/2023\\\/06\\\/355308321_249659564479583_1783652470746872242_n.jpg?fit=2048%2C1152&ssl=1\",\"width\":2048,\"height\":1152},{\"@type\":\"BreadcrumbList\",\"@id\":\"https:\\\/\\\/labuckland.ca\\\/athlete\\\/simon-belley\\\/#breadcrumb\",\"itemListElement\":[{\"@type\":\"ListItem\",\"position\":1,\"name\":\"Home\",\"item\":\"https:\\\/\\\/labuckland.ca\\\/en\\\/\"},{\"@type\":\"ListItem\",\"position\":2,\"name\":\"Athletes\",\"item\":\"https:\\\/\\\/labuckland.ca\\\/athlete\\\/\"},{\"@type\":\"ListItem\",\"position\":3,\"name\":\"Simon Belley\"}]},{\"@type\":\"WebSite\",\"@id\":\"https:\\\/\\\/labuckland.ca\\\/#website\",\"url\":\"https:\\\/\\\/labuckland.ca\\\/\",\"name\":\"La Buckland sur Gravelle\",\"description\":\"Un d\u00e9fi pour tous, une exp\u00e9rience pour tous\",\"publisher\":{\"@id\":\"https:\\\/\\\/labuckland.ca\\\/#organization\"},\"potentialAction\":[{\"@type\":\"SearchAction\",\"target\":{\"@type\":\"EntryPoint\",\"urlTemplate\":\"https:\\\/\\\/labuckland.ca\\\/?s={search_term_string}\"},\"query-input\":{\"@type\":\"PropertyValueSpecification\",\"valueRequired\":true,\"valueName\":\"search_term_string\"}}],\"inLanguage\":\"en-US\"},{\"@type\":\"Organization\",\"@id\":\"https:\\\/\\\/labuckland.ca\\\/#organization\",\"name\":\"La Buckland sur Gravelle\",\"url\":\"https:\\\/\\\/labuckland.ca\\\/\",\"logo\":{\"@type\":\"ImageObject\",\"inLanguage\":\"en-US\",\"@id\":\"https:\\\/\\\/labuckland.ca\\\/#\\\/schema\\\/logo\\\/image\\\/\",\"url\":\"https:\\\/\\\/i0.wp.com\\\/labuckland.ca\\\/wp-content\\\/uploads\\\/2024\\\/01\\\/cropped-Nouveau_logo_Buckland_sans_fond_Plan-de-travail-1-01.png?fit=1800%2C1200&ssl=1\",\"contentUrl\":\"https:\\\/\\\/i0.wp.com\\\/labuckland.ca\\\/wp-content\\\/uploads\\\/2024\\\/01\\\/cropped-Nouveau_logo_Buckland_sans_fond_Plan-de-travail-1-01.png?fit=1800%2C1200&ssl=1\",\"width\":1800,\"height\":1200,\"caption\":\"La Buckland sur Gravelle\"},\"image\":{\"@id\":\"https:\\\/\\\/labuckland.ca\\\/#\\\/schema\\\/logo\\\/image\\\/\"}}]}<\/script>\n<!-- \/ Yoast SEO plugin. -->","yoast_head_json":{"title":"Simon Belley - La Buckland sur Gravelle","robots":{"index":"index","follow":"follow","max-snippet":"max-snippet:-1","max-image-preview":"max-image-preview:large","max-video-preview":"max-video-preview:-1"},"canonical":"https:\/\/labuckland.ca\/athlete\/simon-belley\/","og_locale":"en_US","og_type":"article","og_title":"Simon Belley - La Buckland sur Gravelle","og_description":"Simon est un jeune cycliste multidiscipline de L\u00e9vis et court pour Cartel Racing Team \u00e0 Qu\u00e9bec. Il \u00e9tudie \u00e0 L\u2019universit\u00e9 Laval en Sciences de la consommation en est suis \u00e0 sa 7i\u00e8me ann\u00e9e de course. Il a tomb\u00e9 en amour avec le v\u00e9lo pour le sentiment de libert\u00e9 et le d\u00e9passement de soi. La Buckland [&hellip;]","og_url":"https:\/\/labuckland.ca\/athlete\/simon-belley\/","og_site_name":"La Buckland sur Gravelle","article_modified_time":"2023-06-22T15:20:57+00:00","og_image":[{"width":2048,"height":1152,"url":"https:\/\/labuckland.ca\/wp-content\/uploads\/2023\/06\/355308321_249659564479583_1783652470746872242_n.jpg","type":"image\/jpeg"}],"twitter_card":"summary_large_image","twitter_misc":{"Est. reading time":"1 minute"},"schema":{"@context":"https:\/\/schema.org","@graph":[{"@type":"WebPage","@id":"https:\/\/labuckland.ca\/athlete\/simon-belley\/","url":"https:\/\/labuckland.ca\/athlete\/simon-belley\/","name":"Simon Belley - La Buckland sur Gravelle","isPartOf":{"@id":"https:\/\/labuckland.ca\/#website"},"primaryImageOfPage":{"@id":"https:\/\/labuckland.ca\/athlete\/simon-belley\/#primaryimage"},"image":{"@id":"https:\/\/labuckland.ca\/athlete\/simon-belley\/#primaryimage"},"thumbnailUrl":"https:\/\/i0.wp.com\/labuckland.ca\/wp-content\/uploads\/2023\/06\/355308321_249659564479583_1783652470746872242_n.jpg?fit=2048%2C1152&ssl=1","datePublished":"2023-06-22T15:20:53+00:00","dateModified":"2023-06-22T15:20:57+00:00","breadcrumb":{"@id":"https:\/\/labuckland.ca\/athlete\/simon-belley\/#breadcrumb"},"inLanguage":"en-US","potentialAction":[{"@type":"ReadAction","target":["https:\/\/labuckland.ca\/athlete\/simon-belley\/"]}]},{"@type":"ImageObject","inLanguage":"en-US","@id":"https:\/\/labuckland.ca\/athlete\/simon-belley\/#primaryimage","url":"https:\/\/i0.wp.com\/labuckland.ca\/wp-content\/uploads\/2023\/06\/355308321_249659564479583_1783652470746872242_n.jpg?fit=2048%2C1152&ssl=1","contentUrl":"https:\/\/i0.wp.com\/labuckland.ca\/wp-content\/uploads\/2023\/06\/355308321_249659564479583_1783652470746872242_n.jpg?fit=2048%2C1152&ssl=1","width":2048,"height":1152},{"@type":"BreadcrumbList","@id":"https:\/\/labuckland.ca\/athlete\/simon-belley\/#breadcrumb","itemListElement":[{"@type":"ListItem","position":1,"name":"Home","item":"https:\/\/labuckland.ca\/en\/"},{"@type":"ListItem","position":2,"name":"Athletes","item":"https:\/\/labuckland.ca\/athlete\/"},{"@type":"ListItem","position":3,"name":"Simon Belley"}]},{"@type":"WebSite","@id":"https:\/\/labuckland.ca\/#website","url":"https:\/\/labuckland.ca\/","name":"La Buckland sur Gravelle","description":"Un d\u00e9fi pour tous, une exp\u00e9rience pour tous","publisher":{"@id":"https:\/\/labuckland.ca\/#organization"},"potentialAction":[{"@type":"SearchAction","target":{"@type":"EntryPoint","urlTemplate":"https:\/\/labuckland.ca\/?s={search_term_string}"},"query-input":{"@type":"PropertyValueSpecification","valueRequired":true,"valueName":"search_term_string"}}],"inLanguage":"en-US"},{"@type":"Organization","@id":"https:\/\/labuckland.ca\/#organization","name":"La Buckland sur Gravelle","url":"https:\/\/labuckland.ca\/","logo":{"@type":"ImageObject","inLanguage":"en-US","@id":"https:\/\/labuckland.ca\/#\/schema\/logo\/image\/","url":"https:\/\/i0.wp.com\/labuckland.ca\/wp-content\/uploads\/2024\/01\/cropped-Nouveau_logo_Buckland_sans_fond_Plan-de-travail-1-01.png?fit=1800%2C1200&ssl=1","contentUrl":"https:\/\/i0.wp.com\/labuckland.ca\/wp-content\/uploads\/2024\/01\/cropped-Nouveau_logo_Buckland_sans_fond_Plan-de-travail-1-01.png?fit=1800%2C1200&ssl=1","width":1800,"height":1200,"caption":"La Buckland sur Gravelle"},"image":{"@id":"https:\/\/labuckland.ca\/#\/schema\/logo\/image\/"}}]}},"uagb_featured_image_src":{"full":["https:\/\/i0.wp.com\/labuckland.ca\/wp-content\/uploads\/2023\/06\/355308321_249659564479583_1783652470746872242_n.jpg?fit=2048%2C1152&ssl=1",2048,1152,false],"thumbnail":["https:\/\/i0.wp.com\/labuckland.ca\/wp-content\/uploads\/2023\/06\/355308321_249659564479583_1783652470746872242_n.jpg?resize=150%2C150&ssl=1",150,150,true],"medium":["https:\/\/i0.wp.com\/labuckland.ca\/wp-content\/uploads\/2023\/06\/355308321_249659564479583_1783652470746872242_n.jpg?fit=300%2C169&ssl=1",300,169,true],"medium_large":["https:\/\/i0.wp.com\/labuckland.ca\/wp-content\/uploads\/2023\/06\/355308321_249659564479583_1783652470746872242_n.jpg?fit=768%2C432&ssl=1",768,432,true],"large":["https:\/\/i0.wp.com\/labuckland.ca\/wp-content\/uploads\/2023\/06\/355308321_249659564479583_1783652470746872242_n.jpg?fit=1024%2C576&ssl=1",1024,576,true],"1536x1536":["https:\/\/i0.wp.com\/labuckland.ca\/wp-content\/uploads\/2023\/06\/355308321_249659564479583_1783652470746872242_n.jpg?fit=1536%2C864&ssl=1",1536,864,true],"2048x2048":["https:\/\/i0.wp.com\/labuckland.ca\/wp-content\/uploads\/2023\/06\/355308321_249659564479583_1783652470746872242_n.jpg?fit=2048%2C1152&ssl=1",2048,1152,true]},"uagb_author_info":{"display_name":"blaireau47","author_link":"https:\/\/labuckland.ca\/en\/author\/"},"uagb_comment_info":0,"uagb_excerpt":"Simon est un jeune cycliste multidiscipline de L\u00e9vis et court pour Cartel Racing Team \u00e0 Qu\u00e9bec. Il \u00e9tudie \u00e0 L\u2019universit\u00e9 Laval en Sciences de la consommation en est suis \u00e0 sa 7i\u00e8me ann\u00e9e de course. Il a tomb\u00e9 en amour avec le v\u00e9lo pour le sentiment de libert\u00e9 et le d\u00e9passement de soi. La Buckland&hellip;","jetpack_sharing_enabled":true,"_links":{"self":[{"href":"https:\/\/labuckland.ca\/en\/wp-json\/wp\/v2\/athlete\/1892","targetHints":{"allow":["GET"]}}],"collection":[{"href":"https:\/\/labuckland.ca\/en\/wp-json\/wp\/v2\/athlete"}],"about":[{"href":"https:\/\/labuckland.ca\/en\/wp-json\/wp\/v2\/types\/athlete"}],"wp:featuredmedia":[{"embeddable":true,"href":"https:\/\/labuckland.ca\/en\/wp-json\/wp\/v2\/media\/1893"}],"wp:attachment":[{"href":"https:\/\/labuckland.ca\/en\/wp-json\/wp\/v2\/media?parent=1892"}],"wp:term":[{"taxonomy":"Athletes","embeddable":true,"href":"https:\/\/labuckland.ca\/en\/wp-json\/wp\/v2\/Athletes?post=1892"}],"curies":[{"name":"wp","href":"https:\/\/api.w.org\/{rel}","templated":true}]}}